{"version":"1.0","provider_name":"Koraanyu","provider_url":"https:\/\/koraanyu.cafeblog.hu","author_name":"Nagy Anett","author_url":"https:\/\/koraanyu.cafeblog.hu\/author\/nettka1975gmail-com\/","title":"Korabab\u00e1nk els\u0151 f\u00e9l \u00e9ve!","html":"[caption id=\"attachment_40\" align=\"alignright\" width=\"281\"]<img class=\"size-medium wp-image-40\" src=\"https:\/\/koraanyu.cafeblog.hu\/files\/2019\/08\/FB_IMG_1544650808541-281x300.jpg\" alt=\"\" width=\"281\" height=\"300\" \/> Saj\u00e1t fot\u00f3, m\u00e1sok sz\u00e1m\u00e1ra nem haszn\u00e1lhat\u00f3[\/caption]\r\n\r\nAz \u00e9let egy korabab\u00e1val!\r\n\r\nA korasz\u00fcl\u00f6tt oszt\u00e1lyt h\u00e9t nap ut\u00e1n elhagyva kis h\u0151s\u00fcnkkel hazat\u00e9rt\u00fcnk. Hanna bab\u00e1t a csal\u00e1dtagok egy r\u00e9sze, csak fot\u00f3n l\u00e1thatta. Nagyon v\u00e1rt\u00e1k a tal\u00e1lkoz\u00e1st. Meglep\u0151dtek, hogy az ekkor 2090 grammos baba, m\u00e9g sokkal kisebb \u00e9l\u0151ben, mint a fot\u00f3kon.\r\n\r\nHanna az utaz\u00e1st nagyon j\u00f3l viselte, egy r\u00e9sz\u00e9ben nagyra nyitott szemekkel teking\u00e9lt k\u00f6rbe, a m\u00e1sik r\u00e9sz\u00e9ben b\u00e9k\u00e9sen aludt a meleg kis f\u00e9szekben.\r\n\r\nA haza\u00e9rkez\u00e9st k\u00f6vet\u0151en etet\u00e9s k\u00f6vetkezett, amihez szerencs\u00e9re a kor\u00e1bban m\u00e1r megv\u00e1s\u00e1rolt MAM- os felszerel\u00e9s volt seg\u00edts\u00e9g\u00fcnkre.\r\n\r\nSz\u00e1momra ez is \u00fajdons\u00e1gnak sz\u00e1m\u00edtott, mivel nagy gyermekeimn\u00e9l nem voltak m\u00e9g ilyen \u201emodern\u201d eszk\u00f6z\u00f6k.\r\n\r\nA haszn\u00e1lati utas\u00edt\u00e1st eddig nem volt m\u00f3dom tanulm\u00e1nyozni, \u00e9s nem is igaz\u00e1n tudtam, hogy is m\u0171k\u00f6dik ez az alul is lecsavarhat\u00f3, lyukacsos szerkezet, amit cumis\u00fcvegnek neveznek. Hogy nem folyik ki a lyukakon a benne l\u00e9v\u0151 folyad\u00e9k?!\r\n\r\nMiut\u00e1n tanulm\u00e1nyoztam a modern \"technikai\" eszk\u00f6zt \u00e9s nagyj\u00e1b\u00f3l \u00e1tfutottam az \u00fatmutat\u00f3t, steriliz\u00e1ltam, majd megetettem a kicsik\u00e9met. Ami nem volt egyszer\u0171, mert folyton bealudt.\r\n\r\nMeglep\u0151 m\u00f3don, az \u00fcvegb\u0151l a folyad\u00e9k nem folyt ki alul. Cs\u00facstechnika - gondoltam, \u00e9s nem is sejtettem, hogy m\u00e9g h\u00e1ny ilyen cs\u00facs dolog van, ami megk\u00f6nny\u00edti az \u00e9let\u00fcnket!\r\n\r\nA korasz\u00fcl\u00f6tt oszt\u00e1lyon azt mondt\u00e1k, hogy a kis s\u00falya, valamint a s\u00e1rgas\u00e1g miatt alusz\u00e9kony, ez\u00e9rt h\u00e1rom \u00f3r\u00e1nk\u00e9nt meg kell etetni. Be\u00e1ll\u00edtottam az \u00e9breszt\u0151t, hogy h\u00e1rom \u00f3r\u00e1nk\u00e9nt fel tudjam kelteni.\r\n\r\nA szob\u00e1ban csend volt, \u00e9s mi \u00e1lltunk az \u00e1gy\u00e1n\u00e1l \u00e9s gy\u00f6ny\u00f6rk\u00f6dt\u00fcnk benne!\r\n\r\nHihetetlen! Itthon van a kisbab\u00e1m, nyugodt \u00e9s b\u00e9k\u00e9s, olyan, mint egy kicsi angyal. Ekkor \u00e9reztem, el\u0151sz\u00f6r, hogy megnyugodtam, t\u00fal vagyunk a nehez\u00e9n!\r\n\r\nAz els\u0151 \u00e9jszak\u00e1nk nyugodtan telt. Hann\u00e1t h\u00e1rom \u00f3r\u00e1nk\u00e9nt etettem \u00e9s folyamatosan fejtem, hogy min\u00e9l t\u00f6bb anyatejet kapjon.\r\n\r\nReggeli ev\u00e9sn\u00e9l mellre tettem \u00e9s meglep\u0151en \u00fcgyes volt. Beszerezt\u00fcnk egy babam\u00e9rleget, hogy tudjuk k\u00f6vetni a s\u00falygyarapod\u00e1s\u00e1t.\r\n\r\nA v\u00e9d\u0151n\u0151 \u00e9s a gyermekorvos l\u00e1togatott meg minket. A gyermekorvosunkkal \u00e1tbesz\u00e9lt\u00fck a baba fejl\u0151d\u00e9s\u00e9nek nyomon k\u00f6vet\u00e9s\u00e9t, a r\u00e1nk v\u00e1r\u00f3 vizsg\u00e1latokra t\u00f6rt\u00e9n\u0151 bejelentkez\u00e9st \u00e9s ennek fontoss\u00e1g\u00e1t, tov\u00e1bb\u00e1 a v\u00e9d\u0151olt\u00e1sokat. Az aj\u00e1nlott olt\u00e1sokra b\u0151vebben kit\u00e9rt\u00fcnk.\r\n\r\nA gyermekorvosunk felh\u00edvta a figyelm\u00fcnket, hogy ne felejts\u00fck el a fejl\u0151d\u00e9sn\u00e9l figyelembe venni, hogy Hanna -2-b\u0151l indul, ami azt jelenti, hogy neki el kell \u00e9rnie a null\u00e1t, ami legink\u00e1bb a s\u00falyfejl\u0151d\u00e9s, azt\u00e1n ut\u00e1na sz\u00e9pen lassan majd a t\u00f6bbi dolog is bek\u00f6vetkezik. A kor\u00e1t, majd a fejl\u0151d\u00e9s t\u00f6bbi szakasz\u00e1ban korrig\u00e1ltan kell sz\u00e1molni. A korrig\u00e1lt kor, azt jelenti, hogy le kell vonni a t\u00e9nyleges korb\u00f3l, azt az id\u0151t amennyivel kor\u00e1bban sz\u00fcletett.\r\n\r\nId\u0151pontk\u00e9r\u00e9sek k\u00f6vetkeztek, fejl\u0151d\u00e9s neurol\u00f3gia, szem\u00e9szet, hasi-, koponya ultrahang, cs\u00edp\u0151sz\u0171r\u00e9s.\r\n\r\nAz \u00e9let\u00fcnk mozgalmasan alakult. A vizsg\u00e1latokat nagyon j\u00f3l t\u0171rte, az \u00e9jszakai 3 \u00f3r\u00e1nk\u00e9nti ev\u00e9s, elmaradt, miut\u00e1n a s\u00falya el\u00e9rte a 3 kil\u00f3t. Eleinte 1-2 szer felkelt enni, majd 2 \u00e9s f\u00e9l h\u00f3napos kor\u00e1ra \u00e1taludta az \u00e9jszak\u00e1t. El\u0151fordul, hogy 10-12 \u00f3r\u00e1t alszik \u00e9jjel. Kiegyens\u00falyozott, nyugodt baba.\r\n\r\nRagaszkodik a megszokott \"menetrendhez\". Az esti ritu\u00e1l\u00e9 a pelenka mentes j\u00e1t\u00e9kkal, hemperg\u00e9ssel kezd\u0151dik, f\u00fcrcsi m\u00e1r a nagy k\u00e1dban, ev\u00e9s ap\u00e1val, anya megmassz\u00edrozza az \u00edn\u00e9t, j\u00f3\u00e9jt puszi villanyolt\u00e1s \u00e9s lehet\u0151leg m\u00e1r nem kezd\u00fcnk nagy \"besz\u00e9lget\u00e9sbe\", mert az \u00f6r\u00f6mk\u00f6d\u00e9st\u0151l rettenetesen felp\u00f6r\u00f6g. Ez a mes\u00e9n\u00e9l is \u00edgy szokott lenni, ez\u00e9rt napk\u00f6zben van mese olvas\u00e1s. Legink\u00e1bb d\u00e9lel\u0151tt, mert a mesek\u00f6nyvre tiszt\u00e1ra bekattan, n\u00e9zi, meg\u00e9rinti, megfogja n\u00e9zi a sz\u00e1mat, amikor mes\u00e9lek. Im\u00e1dom ezeket a pillanatokat. Persze nem mindig siker\u00fcl a mese v\u00e9g\u00e9re \u00e9rni, mert elfogy a t\u00fcrelem.\r\n\r\nA fejl\u0151d\u00e9s neurol\u00f3gi\u00e1n figyelemmel k\u00eds\u00e9rik a s\u00falygyarapod\u00e1st, fej- mellkas m\u00e9ret, l\u00e1t\u00e1s-hall\u00e1s, figyelem fejl\u0151d\u00e9s\u00e9t, \u00e9rz\u00e9kel\u00e9st, a mozg\u00e1sfejl\u0151d\u00e9se szempontj\u00e1b\u00f3l \u201eh\u00e1zi feladatot\u201d kaptunk, velesz\u00fcletett izomt\u00f3nus gyenges\u00e9g \u00e9s nyaki hypot\u00f3nia miatt. Napi 6 x 5 perc \u00fcl\u00e9sbeh\u00faz\u00e1st, ami nem igaz\u00e1n akart menni.\r\n\r\nHanna 5 hetes volt, mikor D\u00e9v\u00e9ny torn\u00e1szt\u00f3l k\u00e9rtem id\u0151pontot \u00e1llapot felm\u00e9r\u00e9sre. Sz\u00fcks\u00e9gesnek l\u00e1tta a kezel\u00e9st \u00e9s m\u00e1r n\u00e9h\u00e1ny nap m\u00falva meg is kezdt\u00fck a munk\u00e1t.\u00a0 Hanna rendk\u00edv\u00fcl t\u00fcrelmesen, kitart\u00f3an dolgozott egy\u00fctt a torn\u00e1n. Ritk\u00e1n s\u00edrt, l\u00e1that\u00f3 volt, hogy szereti. Egy alkalommal apuk\u00e1ja vitte, \u00e9s nagyon b\u00fcszke volt a kicsi l\u00e1ny\u00e1ra, mert gy\u00f6ny\u00f6r\u0171en egy\u00fcttm\u0171k\u00f6d\u00f6tt, mindenf\u00e9le hiszti \u00e9s s\u00edr\u00e1s n\u00e9lk\u00fcl.\r\n\r\nK\u00f6zben t\u00falesett az olt\u00e1sokon. A k\u00f6telez\u0151 v\u00e9d\u0151olt\u00e1sok mellett az aj\u00e1nlott v\u00e9d\u0151olt\u00e1sokat is megkapta. Az \u0151 eset\u00e9ben legink\u00e1bb a korasz\u00fcl\u00f6tts\u00e9g, a m\u00e9g fejletlen szervezete miatt d\u00f6nt\u00f6tt\u00fcnk \u00fagy, hogy kapja meg ezeket az aj\u00e1nlott olt\u00e1sokat.\r\n\r\nAnyatejet 4 \u00e9s f\u00e9l h\u00f3napos kor\u00e1ig kapott. Ekkor megkezdt\u00fck a hozz\u00e1t\u00e1pl\u00e1l\u00e1st. \u00dcgyesen elfogadta, meg\u00edzlelte a falatokat. Legink\u00e1bb saj\u00e1t k\u00e9sz\u00edt\u00e9s\u0171 \u00e9teleket eszik. Szerencs\u00e9re sok z\u00f6lds\u00e9g \u00e9s gy\u00fcm\u00f6lcs terem ebben az id\u0151szakban, amiket m\u00e1r k\u00f3stolhat. A piacon szerezz\u00fck be az alapanyagokat, \u00e9s egy szuper szerkenty\u0171 seg\u00edts\u00e9g\u00e9vel r\u00f6vid id\u0151n bel\u00fcl el tudom k\u00e9sz\u00edteni az ennival\u00f3j\u00e1t, \u00e9s el\u0151re gondolva, b\u00e9bi\u00e9teles \u00fcvegekben, kis adagokban a fagyaszt\u00f3ban t\u00e1roljuk. A szuper szerkenty\u0171 seg\u00edts\u00e9g\u00e9vel t\u00f6bb r\u00e9tegben, elk\u00fcl\u00f6n\u00edtve, vagy ak\u00e1r egyben p\u00e1rolom meg a z\u00f6lds\u00e9geket, gy\u00fcm\u00f6lcs\u00f6ket \u00e9s a p\u00e1rol\u00f3hoz tartoz\u00f3 turmix g\u00e9pben p\u00e9pes\u00edtem. Alm\u00e1t, krumplit, \u00e9desburgony\u00e1t, paradicsomot, c\u00e9kl\u00e1t, cukkinit ezeket kombin\u00e1lhatom t\u00f6bbf\u00e9lek\u00e9ppen. A hozz\u00e1t\u00e1pl\u00e1l\u00e1sr\u00f3l b\u0151vebben \u00edrok n\u00e9h\u00e1ny tippet, tapasztalatot a k\u00f6vetkez\u0151 blogbejegyz\u00e9sben.\r\n\r\nA fejl\u0151d\u00e9sben sz\u00e9pen haladt, a kor\u00e1t nem kellett korrig\u00e1lni, mivel \u201eigyekezett\u201d id\u0151re sz\u00fcletett t\u00e1rsait utol\u00e9rni. M\u00ednusz kett\u0151b\u0151l felz\u00e1rk\u00f3zott!\r\n\r\nSz\u00fclet\u00e9si s\u00falya 1960 g, hossza: 45 cm, fej k\u00f6rfogat: 31 cm volt. A 6 h\u00f3napos st\u00e1tusz vizsg\u00e1laton a s\u00falya 6670 g, hossza: 63 cm, fej k\u00f6rfogat: 41 cm.\r\n\r\nIgazi kis \u00f6r\u00f6kmozg\u00f3 lett. Minden \u00e9rdekli, forgol\u00f3dik hasr\u00f3l h\u00e1tra \u00e9s vissza. El\u00e9g egyedien, de \u201em\u00e1szik\u201d. \u00cdgy fedezi fel a lak\u00e1s minden zeg\u00e9t \u2013 zug\u00e1t. Ismerkedik a vil\u00e1ggal, ahov\u00e1 olyan sietve \u00e9rkezett.\r\n\r\nA kis harcos, aki \u201enem lopja a napot\"!","type":"rich"}